{"id":1021,"date":"2023-02-10T22:08:04","date_gmt":"2023-02-10T21:08:04","guid":{"rendered":"https:\/\/fundacjanarowerze.pl\/?page_id=1021"},"modified":"2023-02-22T15:10:39","modified_gmt":"2023-02-22T14:10:39","slug":"spotkania-edukacyjne-wiosna-2023","status":"publish","type":"page","link":"https:\/\/fundacjanarowerze.pl\/uk\/spotkania-edukacyjne-wiosna-2023\/","title":{"rendered":"Spotkania edukacyjne &#8211; wiosna 2023"},"content":{"rendered":"<p>Nim sezon rowerowy rozkr\u0119ci si\u0119 na ca\u0142ego, zapraszamy Was na spotkanie edukacyjne &#8211; dla rowerzyst\u00f3w, u\u017cytkownik\u00f3w hulajn\u00f3g a nawet kierowc\u00f3w samochod\u00f3w.<\/p>\n\n\n\n<div class=\"wp-block-buttons is-layout-flex wp-block-buttons-is-layout-flex\">\n<div class=\"wp-block-button aligncenter\"><a class=\"wp-block-button__link wp-element-button\" href=\"#terminy\">Sprawd\u017a terminy i lokalizacje<\/a><\/div>\n<\/div>\n\n\n\n<p>Wiemy, \u017ce potraficie je\u017adzi\u0107 na rowerach, dlatego tym bardziej zach\u0119camy do udzia\u0142u w tym wydarzeniu.<\/p>\n\n\n\n<p><strong>Podczas spotkania dowiecie si\u0119 m.in jak:<\/strong><\/p>\n\n\n\n<ul class=\"wp-block-list\">\n<li>zachowa\u0107 si\u0119 w obr\u0119bie przejazdu dla rowerzyst\u00f3w,<\/li>\n\n\n\n<li>porusza\u0107 si\u0119 rowerem po jezdni aby by\u0142o bezpieczniej,<\/li>\n\n\n\n<li>unika\u0107 sytuacji niebezpiecznych na drodze,<\/li>\n\n\n\n<li>przewozi\u0107 dzieci na rowerach,<\/li>\n\n\n\n<li>wsp\u00f3\u0142pracowa\u0107 na drodze,<\/li>\n\n\n\n<li>prawid\u0142owo korzysta\u0107 z kask\u00f3w i lampek rowerowych.<\/li>\n<\/ul>\n\n\n\n<p><strong>Ponadto przygotowali\u015bmy kr\u00f3tki Quiz z nagrodami!<\/strong><\/p>\n\n\n\n<p>Spotkanie poprowadzi Sebastian Gruszka z Fundacji Na Rowerze. To do\u015bwiadczony sportowiec, amator kolarstwa szosowego i uczestnik ultramaraton\u00f3w kolarskich. Czasami sam si\u0119 \u015bmieje, \u017ce po przejechaniu 100 km dopiero sko\u0144czy\u0142 rozgrzewk\u0119&nbsp;<img loading=\"lazy\" decoding=\"async\" height=\"16\" width=\"16\" src=\"https:\/\/static.xx.fbcdn.net\/images\/emoji.php\/v9\/tf2\/2\/16\/1f605.png\" alt=\"&#x1f605;\">&nbsp;Prowadzi warsztaty z Rowerowej Lekcji Jazdy oraz wyk\u0142ady edukacyjne.<\/p>\n\n\n\n<p>Wybieraj\u0105c si\u0119 na wydarzenie sprawd\u017acie, czy Wasz rower wymaga serwisu przed sezonem &#8211; je\u015bli tak, mo\u017ce to dobry moment aby dostarczy\u0107 go przy okazji do serwisu (p\u00f3ki jeszcze nie ma kolejek)?<\/p>\n\n\n\n<p>Wst\u0119p bezp\u0142atny. Nie obowi\u0105zuj\u0105 zapisy.&nbsp;<\/p>\n\n\n\n<h2 class=\"wp-block-heading\" id=\"terminy\">Terminy i lokalizacje spotka\u0144<\/h2>\n\n\n\n<h3 class=\"wp-block-heading\">24.02 godz. 18-19 Rowerowe Przymorze<\/h3>\n\n\n\n<div class=\"wp-block-columns is-layout-flex wp-container-core-columns-is-layout-28f84493 wp-block-columns-is-layout-flex\">\n<div class=\"wp-block-column is-layout-flow wp-block-column-is-layout-flow\" style=\"flex-basis:33.33%\">\n<figure class=\"wp-block-image size-full\"><img data-recalc-dims=\"1\" loading=\"lazy\" decoding=\"async\" width=\"220\" height=\"150\" src=\"https:\/\/i0.wp.com\/fundacjanarowerze.pl\/wp-content\/uploads\/2023\/02\/rowerowe-przymorze.jpg?resize=220%2C150&#038;ssl=1\" alt=\"logotyp rowerowe przymorze\" class=\"wp-image-1022\" srcset=\"https:\/\/i0.wp.com\/fundacjanarowerze.pl\/wp-content\/uploads\/2023\/02\/rowerowe-przymorze.jpg?w=220&amp;ssl=1 220w, https:\/\/i0.wp.com\/fundacjanarowerze.pl\/wp-content\/uploads\/2023\/02\/rowerowe-przymorze.jpg?resize=161%2C110&amp;ssl=1 161w, https:\/\/i0.wp.com\/fundacjanarowerze.pl\/wp-content\/uploads\/2023\/02\/rowerowe-przymorze.jpg?resize=18%2C12&amp;ssl=1 18w\" sizes=\"auto, (max-width: 220px) 100vw, 220px\" \/><\/figure>\n<\/div>\n\n\n\n<div class=\"wp-block-column is-vertically-aligned-center is-layout-flow wp-block-column-is-layout-flow\" style=\"flex-basis:66.66%\">\n<p><strong>Gda\u0144sk<br>ul. Obro\u0144c\u00f3w Wybrze\u017ca 3D<\/strong><\/p>\n<\/div>\n<\/div>\n\n\n\n<hr class=\"wp-block-separator has-alpha-channel-opacity is-style-default\"\/>\n\n\n\n<h3 class=\"wp-block-heading\">25.02 godz. 10-11 Rowery Br\u0119towo<\/h3>\n\n\n\n<div class=\"wp-block-columns is-layout-flex wp-container-core-columns-is-layout-28f84493 wp-block-columns-is-layout-flex\">\n<div class=\"wp-block-column is-layout-flow wp-block-column-is-layout-flow\" style=\"flex-basis:33.33%\">\n<figure class=\"wp-block-image size-full\"><img data-recalc-dims=\"1\" loading=\"lazy\" decoding=\"async\" width=\"220\" height=\"150\" src=\"https:\/\/i0.wp.com\/fundacjanarowerze.pl\/wp-content\/uploads\/2023\/02\/rowery-bretowo.jpg?resize=220%2C150&#038;ssl=1\" alt=\"\" class=\"wp-image-1023\" srcset=\"https:\/\/i0.wp.com\/fundacjanarowerze.pl\/wp-content\/uploads\/2023\/02\/rowery-bretowo.jpg?w=220&amp;ssl=1 220w, https:\/\/i0.wp.com\/fundacjanarowerze.pl\/wp-content\/uploads\/2023\/02\/rowery-bretowo.jpg?resize=161%2C110&amp;ssl=1 161w, https:\/\/i0.wp.com\/fundacjanarowerze.pl\/wp-content\/uploads\/2023\/02\/rowery-bretowo.jpg?resize=18%2C12&amp;ssl=1 18w\" sizes=\"auto, (max-width: 220px) 100vw, 220px\" \/><\/figure>\n<\/div>\n\n\n\n<div class=\"wp-block-column is-vertically-aligned-center is-layout-flow wp-block-column-is-layout-flow\" style=\"flex-basis:66.66%\">\n<p><strong>Gda\u0144sk<br>ul. Rakoczego<\/strong> 7<\/p>\n<\/div>\n<\/div>\n\n\n\n<hr class=\"wp-block-separator has-alpha-channel-opacity is-style-default\"\/>\n\n\n\n<h3 class=\"wp-block-heading\">25.02 godz. 13-14 PROSPORT Kowale<\/h3>\n\n\n\n<div class=\"wp-block-columns is-layout-flex wp-container-core-columns-is-layout-28f84493 wp-block-columns-is-layout-flex\">\n<div class=\"wp-block-column is-layout-flow wp-block-column-is-layout-flow\" style=\"flex-basis:33.33%\">\n<figure class=\"wp-block-image size-full\"><img data-recalc-dims=\"1\" loading=\"lazy\" decoding=\"async\" width=\"220\" height=\"150\" src=\"https:\/\/i0.wp.com\/fundacjanarowerze.pl\/wp-content\/uploads\/2023\/02\/prosport.jpg?resize=220%2C150&#038;ssl=1\" alt=\"\" class=\"wp-image-1024\" srcset=\"https:\/\/i0.wp.com\/fundacjanarowerze.pl\/wp-content\/uploads\/2023\/02\/prosport.jpg?w=220&amp;ssl=1 220w, https:\/\/i0.wp.com\/fundacjanarowerze.pl\/wp-content\/uploads\/2023\/02\/prosport.jpg?resize=161%2C110&amp;ssl=1 161w, https:\/\/i0.wp.com\/fundacjanarowerze.pl\/wp-content\/uploads\/2023\/02\/prosport.jpg?resize=18%2C12&amp;ssl=1 18w\" sizes=\"auto, (max-width: 220px) 100vw, 220px\" \/><\/figure>\n<\/div>\n\n\n\n<div class=\"wp-block-column is-vertically-aligned-center is-layout-flow wp-block-column-is-layout-flow\" style=\"flex-basis:66.66%\">\n<p><strong>Gda\u0144sk Kowale<br>ul. Wi\u015bniowa 30<\/strong><\/p>\n<\/div>\n<\/div>\n\n\n\n<hr class=\"wp-block-separator has-alpha-channel-opacity is-style-default\"\/>\n\n\n\n<h3 class=\"wp-block-heading\">3.03 godz. 17:30-18:30 CYCLING PLANET Kowale<\/h3>\n\n\n\n<div class=\"wp-block-columns is-layout-flex wp-container-core-columns-is-layout-28f84493 wp-block-columns-is-layout-flex\">\n<div class=\"wp-block-column is-layout-flow wp-block-column-is-layout-flow\" style=\"flex-basis:33.33%\">\n<figure class=\"wp-block-image size-full\"><img data-recalc-dims=\"1\" loading=\"lazy\" decoding=\"async\" width=\"220\" height=\"150\" src=\"https:\/\/i0.wp.com\/fundacjanarowerze.pl\/wp-content\/uploads\/2023\/02\/cycling-planet.jpg?resize=220%2C150&#038;ssl=1\" alt=\"\" class=\"wp-image-1025\" srcset=\"https:\/\/i0.wp.com\/fundacjanarowerze.pl\/wp-content\/uploads\/2023\/02\/cycling-planet.jpg?w=220&amp;ssl=1 220w, https:\/\/i0.wp.com\/fundacjanarowerze.pl\/wp-content\/uploads\/2023\/02\/cycling-planet.jpg?resize=161%2C110&amp;ssl=1 161w, https:\/\/i0.wp.com\/fundacjanarowerze.pl\/wp-content\/uploads\/2023\/02\/cycling-planet.jpg?resize=18%2C12&amp;ssl=1 18w\" sizes=\"auto, (max-width: 220px) 100vw, 220px\" \/><\/figure>\n<\/div>\n\n\n\n<div class=\"wp-block-column is-vertically-aligned-center is-layout-flow wp-block-column-is-layout-flow\" style=\"flex-basis:66.66%\">\n<p><strong>Gda\u0144sk Kowale<br>ul. Skromna 1<\/strong><\/p>\n<\/div>\n<\/div>\n\n\n\n<hr class=\"wp-block-separator has-alpha-channel-opacity is-style-default\"\/>\n\n\n\n<h3 class=\"wp-block-heading\">4.03 godz. 10-11 CYCLING PLANET Pruszcz Gda\u0144ski<\/h3>\n\n\n\n<div class=\"wp-block-columns is-layout-flex wp-container-core-columns-is-layout-28f84493 wp-block-columns-is-layout-flex\">\n<div class=\"wp-block-column is-layout-flow wp-block-column-is-layout-flow\" style=\"flex-basis:33.33%\">\n<figure class=\"wp-block-image size-full\"><img data-recalc-dims=\"1\" loading=\"lazy\" decoding=\"async\" width=\"220\" height=\"150\" src=\"https:\/\/i0.wp.com\/fundacjanarowerze.pl\/wp-content\/uploads\/2023\/02\/cycling-planet.jpg?resize=220%2C150&#038;ssl=1\" alt=\"\" class=\"wp-image-1025\" srcset=\"https:\/\/i0.wp.com\/fundacjanarowerze.pl\/wp-content\/uploads\/2023\/02\/cycling-planet.jpg?w=220&amp;ssl=1 220w, https:\/\/i0.wp.com\/fundacjanarowerze.pl\/wp-content\/uploads\/2023\/02\/cycling-planet.jpg?resize=161%2C110&amp;ssl=1 161w, https:\/\/i0.wp.com\/fundacjanarowerze.pl\/wp-content\/uploads\/2023\/02\/cycling-planet.jpg?resize=18%2C12&amp;ssl=1 18w\" sizes=\"auto, (max-width: 220px) 100vw, 220px\" \/><\/figure>\n<\/div>\n\n\n\n<div class=\"wp-block-column is-vertically-aligned-center is-layout-flow wp-block-column-is-layout-flow\" style=\"flex-basis:66.66%\">\n<p><strong>Pruszcz Gda\u0144ski<\/strong><br><strong>ul. Obro\u0144c\u00f3w Pokoju 36<\/strong><\/p>\n<\/div>\n<\/div>\n\n\n\n<hr class=\"wp-block-separator has-alpha-channel-opacity is-style-default\"\/>\n\n\n\n<h2 class=\"wp-block-heading\">Spotkania edukacyjne wspieraj\u0105<\/h2>\n\n\n<div class=\"wp-block-image\">\n<figure class=\"aligncenter size-full\"><img data-recalc-dims=\"1\" loading=\"lazy\" decoding=\"async\" width=\"433\" height=\"176\" src=\"https:\/\/i0.wp.com\/fundacjanarowerze.pl\/wp-content\/uploads\/2023\/02\/BIKE-logo-RGB.jpg?resize=433%2C176&#038;ssl=1\" alt=\"\" class=\"wp-image-1105\" srcset=\"https:\/\/i0.wp.com\/fundacjanarowerze.pl\/wp-content\/uploads\/2023\/02\/BIKE-logo-RGB.jpg?w=433&amp;ssl=1 433w, https:\/\/i0.wp.com\/fundacjanarowerze.pl\/wp-content\/uploads\/2023\/02\/BIKE-logo-RGB.jpg?resize=271%2C110&amp;ssl=1 271w, https:\/\/i0.wp.com\/fundacjanarowerze.pl\/wp-content\/uploads\/2023\/02\/BIKE-logo-RGB.jpg?resize=18%2C7&amp;ssl=1 18w\" sizes=\"auto, (max-width: 433px) 100vw, 433px\" \/><\/figure>\n<\/div>","protected":false},"excerpt":{"rendered":"<p>Nim sezon rowerowy rozkr\u0119ci si\u0119 na ca\u0142ego, zapraszamy Was na spotkanie edukacyjne &#8211; dla rowerzyst\u00f3w, u\u017cytkownik\u00f3w hulajn\u00f3g a nawet kierowc\u00f3w samochod\u00f3w. Wiemy, \u017ce potraficie je\u017adzi\u0107 na rowerach, dlatego tym bardziej zach\u0119camy do udzia\u0142u w tym wydarzeniu. Podczas spotkania dowiecie si\u0119 m.in jak: Ponadto przygotowali\u015bmy kr\u00f3tki Quiz z nagrodami! Spotkanie poprowadzi [&hellip;]<\/p>\n","protected":false},"author":1,"featured_media":1026,"parent":0,"menu_order":0,"comment_status":"closed","ping_status":"closed","template":"","meta":{"footnotes":""},"class_list":["post-1021","page","type-page","status-publish","has-post-thumbnail","hentry"],"yoast_head":"<!-- This site is optimized with the Yoast SEO plugin v27.1.1 - https:\/\/yoast.com\/product\/yoast-seo-wordpress\/ -->\n<title>Spotkania edukacyjne - wiosna 2023 - Fundacja Na Rowerze<\/title>\n<meta name=\"robots\" content=\"index, follow, max-snippet:-1, max-image-preview:large, max-video-preview:-1\" \/>\n<link rel=\"canonical\" href=\"https:\/\/fundacjanarowerze.pl\/uk\/spotkania-edukacyjne-wiosna-2023\/\" \/>\n<meta property=\"og:locale\" content=\"uk_UA\" \/>\n<meta property=\"og:type\" content=\"article\" \/>\n<meta property=\"og:title\" content=\"Spotkania edukacyjne - wiosna 2023 - Fundacja Na Rowerze\" \/>\n<meta property=\"og:description\" content=\"Nim sezon rowerowy rozkr\u0119ci si\u0119 na ca\u0142ego, zapraszamy Was na spotkanie edukacyjne &#8211; dla rowerzyst\u00f3w, u\u017cytkownik\u00f3w hulajn\u00f3g a nawet kierowc\u00f3w samochod\u00f3w. Wiemy, \u017ce potraficie je\u017adzi\u0107 na rowerach, dlatego tym bardziej zach\u0119camy do udzia\u0142u w tym wydarzeniu. Podczas spotkania dowiecie si\u0119 m.in jak: Ponadto przygotowali\u015bmy kr\u00f3tki Quiz z nagrodami! Spotkanie poprowadzi [&hellip;]\" \/>\n<meta property=\"og:url\" content=\"https:\/\/fundacjanarowerze.pl\/uk\/spotkania-edukacyjne-wiosna-2023\/\" \/>\n<meta property=\"og:site_name\" content=\"Fundacja Na Rowerze\" \/>\n<meta property=\"article:publisher\" content=\"https:\/\/www.facebook.com\/fundacjanarowerze\" \/>\n<meta property=\"article:modified_time\" content=\"2023-02-22T14:10:39+00:00\" \/>\n<meta property=\"og:image\" content=\"https:\/\/fundacjanarowerze.pl\/wp-content\/uploads\/2023\/02\/Cykl-spotkan-edukacyjnych.jpg\" \/>\n\t<meta property=\"og:image:width\" content=\"1920\" \/>\n\t<meta property=\"og:image:height\" content=\"1080\" \/>\n\t<meta property=\"og:image:type\" content=\"image\/jpeg\" \/>\n<meta name=\"twitter:card\" content=\"summary_large_image\" \/>\n<meta name=\"twitter:site\" content=\"@fundacjanarower\" \/>\n<meta name=\"twitter:label1\" content=\"\u041f\u0440\u0438\u0431\u043b. \u0447\u0430\u0441 \u0447\u0438\u0442\u0430\u043d\u043d\u044f\" \/>\n\t<meta name=\"twitter:data1\" content=\"3 \u0445\u0432\u0438\u043b\u0438\u043d\u0438\" \/>\n<script type=\"application\/ld+json\" class=\"yoast-schema-graph\">{\"@context\":\"https:\/\/schema.org\",\"@graph\":[{\"@type\":\"WebPage\",\"@id\":\"https:\/\/fundacjanarowerze.pl\/spotkania-edukacyjne-wiosna-2023\/\",\"url\":\"https:\/\/fundacjanarowerze.pl\/spotkania-edukacyjne-wiosna-2023\/\",\"name\":\"Spotkania edukacyjne - wiosna 2023 - Fundacja Na Rowerze\",\"isPartOf\":{\"@id\":\"https:\/\/fundacjanarowerze.pl\/#website\"},\"primaryImageOfPage\":{\"@id\":\"https:\/\/fundacjanarowerze.pl\/spotkania-edukacyjne-wiosna-2023\/#primaryimage\"},\"image\":{\"@id\":\"https:\/\/fundacjanarowerze.pl\/spotkania-edukacyjne-wiosna-2023\/#primaryimage\"},\"thumbnailUrl\":\"https:\/\/i0.wp.com\/fundacjanarowerze.pl\/wp-content\/uploads\/2023\/02\/Cykl-spotkan-edukacyjnych.jpg?fit=1920%2C1080&ssl=1\",\"datePublished\":\"2023-02-10T21:08:04+00:00\",\"dateModified\":\"2023-02-22T14:10:39+00:00\",\"breadcrumb\":{\"@id\":\"https:\/\/fundacjanarowerze.pl\/spotkania-edukacyjne-wiosna-2023\/#breadcrumb\"},\"inLanguage\":\"uk\",\"potentialAction\":[{\"@type\":\"ReadAction\",\"target\":[\"https:\/\/fundacjanarowerze.pl\/spotkania-edukacyjne-wiosna-2023\/\"]}]},{\"@type\":\"ImageObject\",\"inLanguage\":\"uk\",\"@id\":\"https:\/\/fundacjanarowerze.pl\/spotkania-edukacyjne-wiosna-2023\/#primaryimage\",\"url\":\"https:\/\/i0.wp.com\/fundacjanarowerze.pl\/wp-content\/uploads\/2023\/02\/Cykl-spotkan-edukacyjnych.jpg?fit=1920%2C1080&ssl=1\",\"contentUrl\":\"https:\/\/i0.wp.com\/fundacjanarowerze.pl\/wp-content\/uploads\/2023\/02\/Cykl-spotkan-edukacyjnych.jpg?fit=1920%2C1080&ssl=1\",\"width\":1920,\"height\":1080,\"caption\":\"u\u015bmiechni\u0119ta dziewczyna z rowerem\"},{\"@type\":\"BreadcrumbList\",\"@id\":\"https:\/\/fundacjanarowerze.pl\/spotkania-edukacyjne-wiosna-2023\/#breadcrumb\",\"itemListElement\":[{\"@type\":\"ListItem\",\"position\":1,\"name\":\"Strona g\u0142\u00f3wna\",\"item\":\"https:\/\/fundacjanarowerze.pl\/\"},{\"@type\":\"ListItem\",\"position\":2,\"name\":\"Spotkania edukacyjne &#8211; wiosna 2023\"}]},{\"@type\":\"WebSite\",\"@id\":\"https:\/\/fundacjanarowerze.pl\/#website\",\"url\":\"https:\/\/fundacjanarowerze.pl\/\",\"name\":\"Fundacja Na Rowerze\",\"description\":\"Pomagamy rowerzystom zdobywa\u0107 do\u015bwiadczenie w ruchu drogowym\",\"publisher\":{\"@id\":\"https:\/\/fundacjanarowerze.pl\/#organization\"},\"potentialAction\":[{\"@type\":\"SearchAction\",\"target\":{\"@type\":\"EntryPoint\",\"urlTemplate\":\"https:\/\/fundacjanarowerze.pl\/?s={search_term_string}\"},\"query-input\":{\"@type\":\"PropertyValueSpecification\",\"valueRequired\":true,\"valueName\":\"search_term_string\"}}],\"inLanguage\":\"uk\"},{\"@type\":\"Organization\",\"@id\":\"https:\/\/fundacjanarowerze.pl\/#organization\",\"name\":\"Fundacja Na Rowerze\",\"url\":\"https:\/\/fundacjanarowerze.pl\/\",\"logo\":{\"@type\":\"ImageObject\",\"inLanguage\":\"uk\",\"@id\":\"https:\/\/fundacjanarowerze.pl\/#\/schema\/logo\/image\/\",\"url\":\"https:\/\/i2.wp.com\/fundacjanarowerze.pl\/wp-content\/uploads\/2021\/01\/logo_rower_1080x1080.jpg?fit=1080%2C1080&ssl=1\",\"contentUrl\":\"https:\/\/i2.wp.com\/fundacjanarowerze.pl\/wp-content\/uploads\/2021\/01\/logo_rower_1080x1080.jpg?fit=1080%2C1080&ssl=1\",\"width\":1080,\"height\":1080,\"caption\":\"Fundacja Na Rowerze\"},\"image\":{\"@id\":\"https:\/\/fundacjanarowerze.pl\/#\/schema\/logo\/image\/\"},\"sameAs\":[\"https:\/\/www.facebook.com\/fundacjanarowerze\",\"https:\/\/x.com\/fundacjanarower\",\"https:\/\/www.instagram.com\/fundacjanarowerze\"]}]}<\/script>\n<!-- \/ Yoast SEO plugin. -->","yoast_head_json":{"title":"Spotkania edukacyjne - wiosna 2023 - Fundacja Na Rowerze","robots":{"index":"index","follow":"follow","max-snippet":"max-snippet:-1","max-image-preview":"max-image-preview:large","max-video-preview":"max-video-preview:-1"},"canonical":"https:\/\/fundacjanarowerze.pl\/uk\/spotkania-edukacyjne-wiosna-2023\/","og_locale":"uk_UA","og_type":"article","og_title":"Spotkania edukacyjne - wiosna 2023 - Fundacja Na Rowerze","og_description":"Nim sezon rowerowy rozkr\u0119ci si\u0119 na ca\u0142ego, zapraszamy Was na spotkanie edukacyjne &#8211; dla rowerzyst\u00f3w, u\u017cytkownik\u00f3w hulajn\u00f3g a nawet kierowc\u00f3w samochod\u00f3w. Wiemy, \u017ce potraficie je\u017adzi\u0107 na rowerach, dlatego tym bardziej zach\u0119camy do udzia\u0142u w tym wydarzeniu. Podczas spotkania dowiecie si\u0119 m.in jak: Ponadto przygotowali\u015bmy kr\u00f3tki Quiz z nagrodami! Spotkanie poprowadzi [&hellip;]","og_url":"https:\/\/fundacjanarowerze.pl\/uk\/spotkania-edukacyjne-wiosna-2023\/","og_site_name":"Fundacja Na Rowerze","article_publisher":"https:\/\/www.facebook.com\/fundacjanarowerze","article_modified_time":"2023-02-22T14:10:39+00:00","og_image":[{"width":1920,"height":1080,"url":"https:\/\/fundacjanarowerze.pl\/wp-content\/uploads\/2023\/02\/Cykl-spotkan-edukacyjnych.jpg","type":"image\/jpeg"}],"twitter_card":"summary_large_image","twitter_site":"@fundacjanarower","twitter_misc":{"\u041f\u0440\u0438\u0431\u043b. \u0447\u0430\u0441 \u0447\u0438\u0442\u0430\u043d\u043d\u044f":"3 \u0445\u0432\u0438\u043b\u0438\u043d\u0438"},"schema":{"@context":"https:\/\/schema.org","@graph":[{"@type":"WebPage","@id":"https:\/\/fundacjanarowerze.pl\/spotkania-edukacyjne-wiosna-2023\/","url":"https:\/\/fundacjanarowerze.pl\/spotkania-edukacyjne-wiosna-2023\/","name":"Spotkania edukacyjne - wiosna 2023 - Fundacja Na Rowerze","isPartOf":{"@id":"https:\/\/fundacjanarowerze.pl\/#website"},"primaryImageOfPage":{"@id":"https:\/\/fundacjanarowerze.pl\/spotkania-edukacyjne-wiosna-2023\/#primaryimage"},"image":{"@id":"https:\/\/fundacjanarowerze.pl\/spotkania-edukacyjne-wiosna-2023\/#primaryimage"},"thumbnailUrl":"https:\/\/i0.wp.com\/fundacjanarowerze.pl\/wp-content\/uploads\/2023\/02\/Cykl-spotkan-edukacyjnych.jpg?fit=1920%2C1080&ssl=1","datePublished":"2023-02-10T21:08:04+00:00","dateModified":"2023-02-22T14:10:39+00:00","breadcrumb":{"@id":"https:\/\/fundacjanarowerze.pl\/spotkania-edukacyjne-wiosna-2023\/#breadcrumb"},"inLanguage":"uk","potentialAction":[{"@type":"ReadAction","target":["https:\/\/fundacjanarowerze.pl\/spotkania-edukacyjne-wiosna-2023\/"]}]},{"@type":"ImageObject","inLanguage":"uk","@id":"https:\/\/fundacjanarowerze.pl\/spotkania-edukacyjne-wiosna-2023\/#primaryimage","url":"https:\/\/i0.wp.com\/fundacjanarowerze.pl\/wp-content\/uploads\/2023\/02\/Cykl-spotkan-edukacyjnych.jpg?fit=1920%2C1080&ssl=1","contentUrl":"https:\/\/i0.wp.com\/fundacjanarowerze.pl\/wp-content\/uploads\/2023\/02\/Cykl-spotkan-edukacyjnych.jpg?fit=1920%2C1080&ssl=1","width":1920,"height":1080,"caption":"u\u015bmiechni\u0119ta dziewczyna z rowerem"},{"@type":"BreadcrumbList","@id":"https:\/\/fundacjanarowerze.pl\/spotkania-edukacyjne-wiosna-2023\/#breadcrumb","itemListElement":[{"@type":"ListItem","position":1,"name":"Strona g\u0142\u00f3wna","item":"https:\/\/fundacjanarowerze.pl\/"},{"@type":"ListItem","position":2,"name":"Spotkania edukacyjne &#8211; wiosna 2023"}]},{"@type":"WebSite","@id":"https:\/\/fundacjanarowerze.pl\/#website","url":"https:\/\/fundacjanarowerze.pl\/","name":"\u0424\u0443\u043d\u0434\u0430\u0446\u0456\u044f Na Rowerze","description":"Pomagamy rowerzystom zdobywa\u0107 do\u015bwiadczenie w ruchu drogowym","publisher":{"@id":"https:\/\/fundacjanarowerze.pl\/#organization"},"potentialAction":[{"@type":"SearchAction","target":{"@type":"EntryPoint","urlTemplate":"https:\/\/fundacjanarowerze.pl\/?s={search_term_string}"},"query-input":{"@type":"PropertyValueSpecification","valueRequired":true,"valueName":"search_term_string"}}],"inLanguage":"uk"},{"@type":"Organization","@id":"https:\/\/fundacjanarowerze.pl\/#organization","name":"\u0424\u0443\u043d\u0434\u0430\u0446\u0456\u044f Na Rowerze","url":"https:\/\/fundacjanarowerze.pl\/","logo":{"@type":"ImageObject","inLanguage":"uk","@id":"https:\/\/fundacjanarowerze.pl\/#\/schema\/logo\/image\/","url":"https:\/\/i2.wp.com\/fundacjanarowerze.pl\/wp-content\/uploads\/2021\/01\/logo_rower_1080x1080.jpg?fit=1080%2C1080&ssl=1","contentUrl":"https:\/\/i2.wp.com\/fundacjanarowerze.pl\/wp-content\/uploads\/2021\/01\/logo_rower_1080x1080.jpg?fit=1080%2C1080&ssl=1","width":1080,"height":1080,"caption":"Fundacja Na Rowerze"},"image":{"@id":"https:\/\/fundacjanarowerze.pl\/#\/schema\/logo\/image\/"},"sameAs":["https:\/\/www.facebook.com\/fundacjanarowerze","https:\/\/x.com\/fundacjanarower","https:\/\/www.instagram.com\/fundacjanarowerze"]}]}},"jetpack_sharing_enabled":true,"_links":{"self":[{"href":"https:\/\/fundacjanarowerze.pl\/uk\/wp-json\/wp\/v2\/pages\/1021","targetHints":{"allow":["GET"]}}],"collection":[{"href":"https:\/\/fundacjanarowerze.pl\/uk\/wp-json\/wp\/v2\/pages"}],"about":[{"href":"https:\/\/fundacjanarowerze.pl\/uk\/wp-json\/wp\/v2\/types\/page"}],"author":[{"embeddable":true,"href":"https:\/\/fundacjanarowerze.pl\/uk\/wp-json\/wp\/v2\/users\/1"}],"replies":[{"embeddable":true,"href":"https:\/\/fundacjanarowerze.pl\/uk\/wp-json\/wp\/v2\/comments?post=1021"}],"version-history":[{"count":3,"href":"https:\/\/fundacjanarowerze.pl\/uk\/wp-json\/wp\/v2\/pages\/1021\/revisions"}],"predecessor-version":[{"id":1106,"href":"https:\/\/fundacjanarowerze.pl\/uk\/wp-json\/wp\/v2\/pages\/1021\/revisions\/1106"}],"wp:featuredmedia":[{"embeddable":true,"href":"https:\/\/fundacjanarowerze.pl\/uk\/wp-json\/wp\/v2\/media\/1026"}],"wp:attachment":[{"href":"https:\/\/fundacjanarowerze.pl\/uk\/wp-json\/wp\/v2\/media?parent=1021"}],"curies":[{"name":"wp","href":"https:\/\/api.w.org\/{rel}","templated":true}]}}