{"id":118,"date":"2021-01-18T13:56:53","date_gmt":"2021-01-18T13:56:53","guid":{"rendered":"https:\/\/fundacjanarowerze.pl\/?page_id=118"},"modified":"2025-04-14T20:46:17","modified_gmt":"2025-04-14T19:46:17","slug":"rowerowa-lekcja-jazdy","status":"publish","type":"page","link":"https:\/\/fundacjanarowerze.pl\/uk\/rowerowa-lekcja-jazdy\/","title":{"rendered":"\u0423\u0440\u043e\u043a \u0432\u043e\u0434\u0456\u043d\u043d\u044f \u0432\u0435\u043b\u043e\u0441\u0438\u043f\u0435\u0434\u0430"},"content":{"rendered":"\n<p class=\"has-text-align-center\"><strong>Rowerowa Lekcja Jazdy to:<\/strong><\/p>\n\n\n\n<p class=\"has-text-align-center\">Zaj\u0119cia praktyczne&nbsp;realizowane w warunkach naturalnego ruchu drogowego, prowadzone przez&nbsp;do\u015bwiadczonego rowerzyst\u0119&nbsp;g\u0142\u00f3wnie po drogach rowerowych oraz na ulicach o niewielkim nat\u0119\u017ceniu ruchu. <\/p>\n\n\n\n<p class=\"has-text-align-center\">Warsztaty adresowane s\u0105 do rowerzyst\u00f3w, kt\u00f3rzy chc\u0105 podszkoli\u0107 swoje umiej\u0119tno\u015bci poruszania si\u0119 jedno\u015bladem w mie\u015bcie. Zapraszamy indywidualnie lub w parach.<\/p>\n\n\n\n<p class=\"has-text-align-center\">Chcesz przyj\u015b\u0107 na lekcj\u0119 z dzieckiem? Zapraszamy do projektu <a href=\"https:\/\/fundacjanarowerze.pl\/mlody-rowerzysta\/\">M\u0142ody Rowerzysta &#8211; karta rowerowa i co dalej&#8230;<\/a><\/p>\n\n\n\n<div class=\"wp-block-buttons is-horizontal is-content-justification-center is-layout-flex wp-container-core-buttons-is-layout-03627597 wp-block-buttons-is-layout-flex\">\n<div class=\"wp-block-button has-custom-width wp-block-button__width-75\"><a class=\"wp-block-button__link has-white-color has-accent-background-color has-text-color has-background wp-element-button\" href=\"#filmy\">Jak wygl\u0105daj\u0105 zaj\u0119cia &#8211; zobacz film<\/a><\/div>\n<\/div>\n\n\n\n<h3 class=\"wp-block-heading has-text-align-center\">Dlaczego warto skorzysta\u0107 z Rowerowej Lekcji Jazdy?<\/h3>\n\n\n\n<ul class=\"wp-block-list\">\n<li>Rozwiejesz swoje w\u0105tpliwo\u015bci co do sposobu poruszania si\u0119 rowerem po drogach.<\/li>\n\n\n\n<li>Zdob\u0119dziesz wiedz\u0119 przydatn\u0105 podczas rodzinnych wycieczek.<\/li>\n\n\n\n<li>Nauczysz si\u0119 przewidywa\u0107 i unika\u0107 zagro\u017ce\u0144.<\/li>\n\n\n\n<li>Nabierzesz wi\u0119kszej pewno\u015bci siebie w codziennych manewrach.<\/li>\n\n\n\n<li>Przekonasz si\u0119, \u017ce jazda rowerem mo\u017ce by\u0107 bezpieczna i przyjemna.<\/li>\n\n\n\n<li>B\u0119dziesz je\u017adzi\u0107 pod okiem do\u015bwiadczonego rowerzysty.<\/li>\n\n\n\n<li>Nie masz nic do stracenia, a wyjedziesz bogatszy o warto\u015bciow\u0105 wiedz\u0119!<\/li>\n<\/ul>\n\n\n\n<div class=\"wp-block-buttons is-layout-flex wp-block-buttons-is-layout-flex\">\n<div class=\"wp-block-button aligncenter\"><a class=\"wp-block-button__link wp-element-button\" href=\"https:\/\/fundacjanarowerze.pl\/quiz\/\">Wci\u0105\u017c si\u0119 wahasz? Wype\u0142nij quiz!<\/a><\/div>\n<\/div>\n\n\n\n<div style=\"height:50px\" aria-hidden=\"true\" class=\"wp-block-spacer\"><\/div>\n\n\n\n<h3 class=\"wp-block-heading has-text-align-center\">Wybrane opinie uczestnik\u00f3w:<\/h3>\n\n\n\n<blockquote class=\"wp-block-quote is-layout-flow wp-block-quote-is-layout-flow\">\n<p>Lekcja bardzo mi si\u0119 podoba\u0142a. Teraz zupe\u0142nie inaczej je\u017adzi mi si\u0119 na rowerze! Zwracam uwag\u0119 na ka\u017cdy szczeg\u00f3\u0142 o kt\u00f3rym m\u00f3wi\u0142 instruktor Sebastian.<\/p>\n<\/blockquote>\n\n\n\n<blockquote class=\"wp-block-quote is-layout-flow wp-block-quote-is-layout-flow\">\n<p>Bardzo polecam rowerow\u0105 lekcj\u0119 bezpiecznej jazdy. Sebastian ma ogromn\u0105 wiedz\u0119 na temat przepis\u00f3w i potrafi j\u0105 ciekawie przestawi\u0107 w praktyce. Pomimo tego, \u017ce je\u017cd\u017c\u0119 rowerem codziennie &#8211; wiele rzeczy mnie zaskoczy\u0142o. Okaza\u0142o si\u0119, \u017ce jazda ulic\u0105 po najwi\u0119kszych skrzy\u017cowaniach w Gda\u0144sku nie jest taka stresuj\u0105ca<\/p>\n<\/blockquote>\n\n\n\n<blockquote class=\"wp-block-quote is-layout-flow wp-block-quote-is-layout-flow\">\n<p>Teraz ju\u017c wiem jak mog\u0119 wykorzysta\u0107 lusterka zaparkowanych wzd\u0142u\u017c ulicy samochod\u00f3w aby by\u0107 przygotowanym na niebezpiecze\u0144stwa oraz zrozumia\u0142em, \u017ce prawid\u0142owe sygnalizowanie manewr\u00f3w jest kluczem do porz\u0105dku na drodze.<\/p>\n<\/blockquote>\n\n\n\n<blockquote class=\"wp-block-quote is-layout-flow wp-block-quote-is-layout-flow\">\n<p>Wreszcie zrozumia\u0142em jak zachowywa\u0107 si\u0119 w miejscach gdzie jezdnia si\u0119 zw\u0119\u017ca, a pas rowerowy zanika oraz w jakich okoliczno\u015bciach mog\u0119 zdecydowa\u0107 si\u0119 na jazd\u0119 w parach.<\/p>\n<\/blockquote>\n\n\n\n<blockquote class=\"wp-block-quote is-layout-flow wp-block-quote-is-layout-flow\">\n<p>Polecam! Chocia\u017c na rowerze je\u017cd\u017c\u0119 ju\u017c kilka lat. Zazwyczaj po mie\u015bcie korzystam ze \u015bcie\u017cek rowerowych. Super inicjatywa pozwalaj\u0105ca rozwia\u0107 w\u0105tpliwo\u015bci odno\u015bnie kilku problematycznych skrzy\u017cowa\u0144 czy te\u017c po prostu zada\u0107 pytania nieoczywiste (bo w ko\u0144cu jest komu) z zakresu jazdy po jezdni i bycia kulturalnym cz\u0142onkiem ruchu. Bardzo praktycznie i w mi\u0142ej atmosferze!<\/p>\n<\/blockquote>\n\n\n\n<h3 class=\"wp-block-heading has-text-align-center\" id=\"filmy\">Rowerowa Lekcja Jazdy od \u015brodka<\/h3>\n\n\n\n<figure class=\"wp-block-embed is-type-video is-provider-youtube wp-block-embed-youtube wp-embed-aspect-16-9 wp-has-aspect-ratio\"><div class=\"wp-block-embed__wrapper\">\n<iframe loading=\"lazy\" title=\"Rowerowa Lekcja Jazdy\" width=\"750\" height=\"422\" src=\"https:\/\/www.youtube.com\/embed\/MM4saR-Tw38?feature=oembed\" frameborder=\"0\" allow=\"accelerometer; autoplay; clipboard-write; encrypted-media; gyroscope; picture-in-picture; web-share\" referrerpolicy=\"strict-origin-when-cross-origin\" allowfullscreen><\/iframe>\n<\/div><\/figure>\n\n\n\n<div style=\"height:40px\" aria-hidden=\"true\" class=\"wp-block-spacer\"><\/div>\n\n\n\n<figure class=\"wp-block-embed is-type-video is-provider-youtube wp-block-embed-youtube wp-embed-aspect-16-9 wp-has-aspect-ratio\"><div class=\"wp-block-embed__wrapper\">\n<iframe loading=\"lazy\" title=\"Uczestnicy o Rowerowej Lekcji Jazdy\" width=\"750\" height=\"422\" src=\"https:\/\/www.youtube.com\/embed\/L07RICH3FCA?feature=oembed\" frameborder=\"0\" allow=\"accelerometer; autoplay; clipboard-write; encrypted-media; gyroscope; picture-in-picture; web-share\" referrerpolicy=\"strict-origin-when-cross-origin\" allowfullscreen><\/iframe>\n<\/div><\/figure>\n\n\n\n<h3 class=\"wp-block-heading has-text-align-center\">Lokalizacje i harmonogram zaj\u0119\u0107<\/h3>\n\n\n\n<p><strong>Gda\u0144sk Wrzeszcz (dworzec PKP)<\/strong><\/p>\n\n\n\n<p>Przygotowali\u015bmy tras\u0119 szkoleniow\u0105, kt\u00f3ra liczy 10 km a miejscem rozpocz\u0119cia i zako\u0144czenia lekcji jest dworzec PKP w dzielnicy Gda\u0144sk Wrzeszcz od strony ulicy Dmowskiego.<\/p>\n\n\n\n<p><strong>Masz swoj\u0105 tras\u0119, kt\u00f3r\u0105 chc\u0119 prze\u0107wiczy\u0107?<\/strong><\/p>\n\n\n\n<p>Nie ma problemu! Wype\u0142niaj\u0105c formularz zg\u0142oszeniowy podaj szczeg\u00f3\u0142y swojej trasy (miejsce pocz\u0105tku i ko\u0144ca, nazwy ulic jakimi chcesz przejecha\u0107 lub podaj link do mapy na kt\u00f3rej masz zaznaczon\u0105 tras\u0119). Szczeg\u00f3\u0142y ustalimy mailowo lub telefonicznie.<\/p>\n\n\n\n<p><strong>Harmonogram<\/strong>: lekcje realizujemy w terminie uzgodnionym indywidualnie.<\/p>\n\n\n\n<p>Warsztaty trwaj\u0105 od pocz\u0105tku maja do ko\u0144ca pa\u017adziernika.<\/p>\n\n\n\n<div style=\"height:20px\" aria-hidden=\"true\" class=\"wp-block-spacer\"><\/div>\n\n\n\n<div class=\"wp-block-buttons is-horizontal is-content-justification-center is-layout-flex wp-container-core-buttons-is-layout-03627597 wp-block-buttons-is-layout-flex\">\n<div class=\"wp-block-button has-custom-font-size is-style-outline has-small-font-size is-style-outline--1\"><a class=\"wp-block-button__link has-black-color has-text-color wp-element-button\" href=\"https:\/\/fundacjanarowerze.pl\/sklepy-partnerskie\/\">Zobacz wsp\u00f3\u0142pracuj\u0105ce z nami sklepy i serwisy rowerowe<\/a><\/div>\n<\/div>\n\n\n\n<div style=\"height:100px\" aria-hidden=\"true\" class=\"wp-block-spacer\"><\/div>\n\n\n\n<h2 class=\"wp-block-heading\" id=\"formularz\">Zapisy<\/h2>\n\n\n\n<p class=\"has-text-align-center\">Skorzystaj z formularza kontaktowego aby uzgodni\u0107 termin i um\u00f3wi\u0107 si\u0119 na lekcj\u0119.<\/p>\n\n\n\n<h2 class=\"wp-block-heading\" id=\"formularz\">Koszt<\/h2>\n\n\n\n<p class=\"has-text-align-center\"><strong>50 z\u0142<\/strong> \/ lekcja (60 minut)<\/p>\n\n\n\n<h2 class=\"wp-block-heading\" id=\"faq\">Cz\u0119sto zadawane pytania:<\/h2>\n\n\n\t\t\t\t\t\t<style>\r\n\t\t\t\t<style>\r\n#wpsm_accordion_381 .wpsm_panel-heading{\r\n\tpadding:0px !important;\r\n}\r\n#wpsm_accordion_381 .wpsm_panel-title {\r\n\tmargin:0px !important; \r\n\ttext-transform:none !important;\r\n\tline-height: 1 !important;\r\n}\r\n#wpsm_accordion_381 .wpsm_panel-title a{\r\n\ttext-decoration:none;\r\n\toverflow:hidden;\r\n\tdisplay:block;\r\n\tpadding:0px;\r\n\tfont-size: 20px !important;\r\n\tfont-family: Open Sans !important;\r\n\tcolor:#ffffff !important;\r\n\tborder-bottom:0px !important;\r\n}\r\n\r\n#wpsm_accordion_381 .wpsm_panel-title a:focus {\r\noutline: 0px !important;\r\n}\r\n\r\n#wpsm_accordion_381 .wpsm_panel-title a:hover, #wpsm_accordion_381 .wpsm_panel-title a:focus {\r\n\tcolor:#ffffff !important;\r\n}\r\n#wpsm_accordion_381 .acc-a{\r\n\tcolor: #ffffff !important;\r\n\tbackground-color:#e91e63 !important;\r\n\tborder-color: #ddd;\r\n}\r\n#wpsm_accordion_381 .wpsm_panel-default > .wpsm_panel-heading{\r\n\tcolor: #ffffff !important;\r\n\tbackground-color: #e91e63 !important;\r\n\tborder-color: #e91e63 !important;\r\n\tborder-top-left-radius: 0px;\r\n\tborder-top-right-radius: 0px;\r\n}\r\n#wpsm_accordion_381 .wpsm_panel-default {\r\n\t\tborder:1px solid transparent !important;\r\n\t}\r\n#wpsm_accordion_381 {\r\n\tmargin-bottom: 20px;\r\n\toverflow: hidden;\r\n\tfloat: none;\r\n\twidth: 100%;\r\n\tdisplay: block;\r\n}\r\n#wpsm_accordion_381 .ac_title_class{\r\n\tdisplay: block;\r\n\tpadding-top: 12px;\r\n\tpadding-bottom: 12px;\r\n\tpadding-left: 15px;\r\n\tpadding-right: 15px;\r\n}\r\n#wpsm_accordion_381  .wpsm_panel {\r\n\toverflow:hidden;\r\n\t-webkit-box-shadow: 0 0px 0px rgba(0, 0, 0, .05);\r\n\tbox-shadow: 0 0px 0px rgba(0, 0, 0, .05);\r\n\t\tborder-radius: 4px;\r\n\t}\r\n#wpsm_accordion_381  .wpsm_panel + .wpsm_panel {\r\n\t\tmargin-top: 5px;\r\n\t}\r\n#wpsm_accordion_381  .wpsm_panel-body{\r\n\tbackground-color:#ffffff !important;\r\n\tcolor:#000000 !important;\r\n\tborder-top-color: #e91e63 !important;\r\n\tfont-size:16px !important;\r\n\tfont-family: Open Sans !important;\r\n\toverflow: hidden;\r\n\t\tborder: 2px solid transparent !important;\r\n\t}\r\n\r\n#wpsm_accordion_381 .ac_open_cl_icon{\r\n\tbackground-color:#e91e63 !important;\r\n\tcolor: #ffffff !important;\r\n\tfloat:left !important;\r\n\tpadding-top: 12px !important;\r\n\tpadding-bottom: 12px !important;\r\n\tline-height: 1.0 !important;\r\n\tpadding-left: 15px !important;\r\n\tpadding-right: 15px !important;\r\n\tdisplay: inline-block !important;\r\n}\r\n\r\n\t\t\t\r\n\t\t\t<\/style>\t\r\n\t\t\t<\/style>\r\n\t\t\t<div class=\"wpsm_panel-group\" id=\"wpsm_accordion_381\" >\r\n\t\t\t\t\t\t\t\t\r\n\t\t\t\t\t<!-- Inner panel Start -->\r\n\t\t\t\t\t<div class=\"wpsm_panel wpsm_panel-default\">\r\n\t\t\t\t\t\t<div class=\"wpsm_panel-heading\" role=\"tab\" >\r\n\t\t\t\t\t\t  <h4 class=\"wpsm_panel-title\">\r\n\t\t\t\t\t\t\t<a  class=\"\"  data-toggle=\"collapse\" data-parent=\"#wpsm_accordion_381 \" href=\"javascript:void(0)\" data-target=\"#ac_381_collapse1\" onclick=\"do_resize()\">\r\n\t\t\t\t\t\t\t\t\t\t\t\t\t\t\t\t\t<span class=\"ac_open_cl_icon fa fa-plus\"><\/span>\r\n\t\t\t\t\t\t\t\t\t\r\n\t\t\t\t\t\t\t\t \r\n\t\t\t\t\t\t\t\t<span class=\"ac_title_class\">\r\n\t\t\t\t\t\t\t\t\tDla kogo jest Rowerowa Lekcja Jazdy?\t\t\t\t\t\t\t\t<\/span>\r\n\t\t\t\t\t\t\t<\/a>\r\n\t\t\t\t\t\t  <\/h4>\r\n\t\t\t\t\t\t<\/div>\r\n\t\t\t\t\t\t<div id=\"ac_381_collapse1\" class=\"wpsm_panel-collapse collapse \"  >\r\n\t\t\t\t\t\t  <div class=\"wpsm_panel-body\">\r\n\t\t\t\t\t\t\t<p>Rowerowa Lekcja Jazdy adresowana jest do wszystkich doros\u0142ych rowerzyst\u00f3w niezale\u017cnie od tego na jakim rowerze je\u017adzisz. Mo\u017cesz przyj\u015b\u0107 sam lub zabra\u0107 ze sob\u0105 jedn\u0105 osob\u0119 (doros\u0142\u0105 lub dziecko - o ile ma kart\u0119 rowerow\u0105)<\/p>\r\n<p>Je\u017celi: <ul><li>nie czujesz si\u0119 pewnie na drodze<\/li><li>boisz si\u0119 skr\u0119ci\u0107 w lewo<\/li><li>nie wiesz jak zachowa\u0107 si\u0119 na skrzy\u017cowaniach<\/li><li>masz w\u0105tpliwo\u015bci co do swojego stylu jazdy<\/li><\/ul>to te zaj\u0119cia s\u0105 dla Ciebie.<\/p>\t\t\t\t\t\t  <\/div>\r\n\t\t\t\t\t\t<\/div>\r\n\t\t\t\t\t<\/div>\r\n\t\t\t\t\t<!-- Inner panel End -->\r\n\t\t\t\t\t\r\n\t\t\t\t\t\t\t\t\r\n\t\t\t\t\t<!-- Inner panel Start -->\r\n\t\t\t\t\t<div class=\"wpsm_panel wpsm_panel-default\">\r\n\t\t\t\t\t\t<div class=\"wpsm_panel-heading\" role=\"tab\" >\r\n\t\t\t\t\t\t  <h4 class=\"wpsm_panel-title\">\r\n\t\t\t\t\t\t\t<a  class=\"collapsed\"  data-toggle=\"collapse\" data-parent=\"#wpsm_accordion_381 \" href=\"javascript:void(0)\" data-target=\"#ac_381_collapse2\" onclick=\"do_resize()\">\r\n\t\t\t\t\t\t\t\t\t\t\t\t\t\t\t\t\t<span class=\"ac_open_cl_icon fa fa-plus\"><\/span>\r\n\t\t\t\t\t\t\t\t\t\r\n\t\t\t\t\t\t\t\t \r\n\t\t\t\t\t\t\t\t<span class=\"ac_title_class\">\r\n\t\t\t\t\t\t\t\t\tCzy musz\u0119 mie\u0107 uko\u0144czone 18 lat?\t\t\t\t\t\t\t\t<\/span>\r\n\t\t\t\t\t\t\t<\/a>\r\n\t\t\t\t\t\t  <\/h4>\r\n\t\t\t\t\t\t<\/div>\r\n\t\t\t\t\t\t<div id=\"ac_381_collapse2\" class=\"wpsm_panel-collapse collapse \"  >\r\n\t\t\t\t\t\t  <div class=\"wpsm_panel-body\">\r\n\t\t\t\t\t\t\tTak, udzia\u0142 w Warsztatach jest mo\u017cliwy tylko dla os\u00f3b, kt\u00f3re uko\u0144czy\u0142y 18 lat. Dopuszczamy tak\u017ce udzia\u0142 dzieci i m\u0142odzie\u017cy w wieku od 10 roku \u017cycia pod warunkiem, \u017ce b\u0119d\u0105 uczestniczy\u0107 wraz z opiekunem oraz posiadaj\u0105 kart\u0119 rowerow\u0105 (kt\u00f3r\u0105 maj\u0105 przy sobie).\t\t\t\t\t\t  <\/div>\r\n\t\t\t\t\t\t<\/div>\r\n\t\t\t\t\t<\/div>\r\n\t\t\t\t\t<!-- Inner panel End -->\r\n\t\t\t\t\t\r\n\t\t\t\t\t\t\t\t\r\n\t\t\t\t\t<!-- Inner panel Start -->\r\n\t\t\t\t\t<div class=\"wpsm_panel wpsm_panel-default\">\r\n\t\t\t\t\t\t<div class=\"wpsm_panel-heading\" role=\"tab\" >\r\n\t\t\t\t\t\t  <h4 class=\"wpsm_panel-title\">\r\n\t\t\t\t\t\t\t<a  class=\"collapsed\"  data-toggle=\"collapse\" data-parent=\"#wpsm_accordion_381 \" href=\"javascript:void(0)\" data-target=\"#ac_381_collapse3\" onclick=\"do_resize()\">\r\n\t\t\t\t\t\t\t\t\t\t\t\t\t\t\t\t\t<span class=\"ac_open_cl_icon fa fa-plus\"><\/span>\r\n\t\t\t\t\t\t\t\t\t\r\n\t\t\t\t\t\t\t\t \r\n\t\t\t\t\t\t\t\t<span class=\"ac_title_class\">\r\n\t\t\t\t\t\t\t\t\tIle czasu trwa lekcja?\t\t\t\t\t\t\t\t<\/span>\r\n\t\t\t\t\t\t\t<\/a>\r\n\t\t\t\t\t\t  <\/h4>\r\n\t\t\t\t\t\t<\/div>\r\n\t\t\t\t\t\t<div id=\"ac_381_collapse3\" class=\"wpsm_panel-collapse collapse \"  >\r\n\t\t\t\t\t\t  <div class=\"wpsm_panel-body\">\r\n\t\t\t\t\t\t\tJedna lekcja trwa od 60 do 90 minut i zale\u017cy od trasy jak\u0105 b\u0119dziemy pokonywa\u0107.\t\t\t\t\t\t  <\/div>\r\n\t\t\t\t\t\t<\/div>\r\n\t\t\t\t\t<\/div>\r\n\t\t\t\t\t<!-- Inner panel End -->\r\n\t\t\t\t\t\r\n\t\t\t\t\t\t\t\t\r\n\t\t\t\t\t<!-- Inner panel Start -->\r\n\t\t\t\t\t<div class=\"wpsm_panel wpsm_panel-default\">\r\n\t\t\t\t\t\t<div class=\"wpsm_panel-heading\" role=\"tab\" >\r\n\t\t\t\t\t\t  <h4 class=\"wpsm_panel-title\">\r\n\t\t\t\t\t\t\t<a  class=\"collapsed\"  data-toggle=\"collapse\" data-parent=\"#wpsm_accordion_381 \" href=\"javascript:void(0)\" data-target=\"#ac_381_collapse4\" onclick=\"do_resize()\">\r\n\t\t\t\t\t\t\t\t\t\t\t\t\t\t\t\t\t<span class=\"ac_open_cl_icon fa fa-plus\"><\/span>\r\n\t\t\t\t\t\t\t\t\t\r\n\t\t\t\t\t\t\t\t \r\n\t\t\t\t\t\t\t\t<span class=\"ac_title_class\">\r\n\t\t\t\t\t\t\t\t\tCzy zapewniacie rowery dla Uczestnik\u00f3w?\t\t\t\t\t\t\t\t<\/span>\r\n\t\t\t\t\t\t\t<\/a>\r\n\t\t\t\t\t\t  <\/h4>\r\n\t\t\t\t\t\t<\/div>\r\n\t\t\t\t\t\t<div id=\"ac_381_collapse4\" class=\"wpsm_panel-collapse collapse \"  >\r\n\t\t\t\t\t\t  <div class=\"wpsm_panel-body\">\r\n\t\t\t\t\t\t\tNie. Ka\u017cdy Uczestnik przyje\u017cd\u017ca na rowerze zorganizowanym we w\u0142asnym zakresie.\t\t\t\t\t\t  <\/div>\r\n\t\t\t\t\t\t<\/div>\r\n\t\t\t\t\t<\/div>\r\n\t\t\t\t\t<!-- Inner panel End -->\r\n\t\t\t\t\t\r\n\t\t\t\t\t\t\t\t\r\n\t\t\t\t\t<!-- Inner panel Start -->\r\n\t\t\t\t\t<div class=\"wpsm_panel wpsm_panel-default\">\r\n\t\t\t\t\t\t<div class=\"wpsm_panel-heading\" role=\"tab\" >\r\n\t\t\t\t\t\t  <h4 class=\"wpsm_panel-title\">\r\n\t\t\t\t\t\t\t<a  class=\"collapsed\"  data-toggle=\"collapse\" data-parent=\"#wpsm_accordion_381 \" href=\"javascript:void(0)\" data-target=\"#ac_381_collapse5\" onclick=\"do_resize()\">\r\n\t\t\t\t\t\t\t\t\t\t\t\t\t\t\t\t\t<span class=\"ac_open_cl_icon fa fa-plus\"><\/span>\r\n\t\t\t\t\t\t\t\t\t\r\n\t\t\t\t\t\t\t\t \r\n\t\t\t\t\t\t\t\t<span class=\"ac_title_class\">\r\n\t\t\t\t\t\t\t\t\tIle os\u00f3b uczestniczy podczas jednej lekcji?\t\t\t\t\t\t\t\t<\/span>\r\n\t\t\t\t\t\t\t<\/a>\r\n\t\t\t\t\t\t  <\/h4>\r\n\t\t\t\t\t\t<\/div>\r\n\t\t\t\t\t\t<div id=\"ac_381_collapse5\" class=\"wpsm_panel-collapse collapse \"  >\r\n\t\t\t\t\t\t  <div class=\"wpsm_panel-body\">\r\n\t\t\t\t\t\t\tWarsztaty s\u0105 indywidualne, natomiast wyj\u0105tkowo dopuszczamy tak\u017ce grupk\u0119 znajomych lub cz\u0142onk\u00f3w rodziny. W zaj\u0119ciach maksymalnie mog\u0105 uczestniczy\u0107 dwie osoby.\t\t\t\t\t\t  <\/div>\r\n\t\t\t\t\t\t<\/div>\r\n\t\t\t\t\t<\/div>\r\n\t\t\t\t\t<!-- Inner panel End -->\r\n\t\t\t\t\t\r\n\t\t\t\t\t\t\t\t\r\n\t\t\t\t\t<!-- Inner panel Start -->\r\n\t\t\t\t\t<div class=\"wpsm_panel wpsm_panel-default\">\r\n\t\t\t\t\t\t<div class=\"wpsm_panel-heading\" role=\"tab\" >\r\n\t\t\t\t\t\t  <h4 class=\"wpsm_panel-title\">\r\n\t\t\t\t\t\t\t<a  class=\"collapsed\"  data-toggle=\"collapse\" data-parent=\"#wpsm_accordion_381 \" href=\"javascript:void(0)\" data-target=\"#ac_381_collapse6\" onclick=\"do_resize()\">\r\n\t\t\t\t\t\t\t\t\t\t\t\t\t\t\t\t\t<span class=\"ac_open_cl_icon fa fa-plus\"><\/span>\r\n\t\t\t\t\t\t\t\t\t\r\n\t\t\t\t\t\t\t\t \r\n\t\t\t\t\t\t\t\t<span class=\"ac_title_class\">\r\n\t\t\t\t\t\t\t\t\tCzy musz\u0119 posiada\u0107 ubezpieczenie OC?\t\t\t\t\t\t\t\t<\/span>\r\n\t\t\t\t\t\t\t<\/a>\r\n\t\t\t\t\t\t  <\/h4>\r\n\t\t\t\t\t\t<\/div>\r\n\t\t\t\t\t\t<div id=\"ac_381_collapse6\" class=\"wpsm_panel-collapse collapse \"  >\r\n\t\t\t\t\t\t  <div class=\"wpsm_panel-body\">\r\n\t\t\t\t\t\t\tDobr\u0105 praktyk\u0105 jest aby ka\u017cdy uczestnik ruchu drogowego posiada\u0142 w\u0142asn\u0105 polis\u0119 ubezpieczeniow\u0105 Odpowiedzialno\u015bci Cywilnej ze wzgl\u0119du na zdarzenia losowe. Rekomendujemy aby\u015b posiada\u0142 takie ubezpieczenie w codziennym \u017cyciu (cz\u0119sto jest sk\u0142adow\u0105 ubezpieczenia mieszkania - warto to sprawdzi\u0107). My nie zapewniamy ubezpieczenia Uczestnikom Warsztat\u00f3w.\t\t\t\t\t\t  <\/div>\r\n\t\t\t\t\t\t<\/div>\r\n\t\t\t\t\t<\/div>\r\n\t\t\t\t\t<!-- Inner panel End -->\r\n\t\t\t\t\t\r\n\t\t\t\t\t\t\t\t\r\n\t\t\t\t\t<!-- Inner panel Start -->\r\n\t\t\t\t\t<div class=\"wpsm_panel wpsm_panel-default\">\r\n\t\t\t\t\t\t<div class=\"wpsm_panel-heading\" role=\"tab\" >\r\n\t\t\t\t\t\t  <h4 class=\"wpsm_panel-title\">\r\n\t\t\t\t\t\t\t<a  class=\"collapsed\"  data-toggle=\"collapse\" data-parent=\"#wpsm_accordion_381 \" href=\"javascript:void(0)\" data-target=\"#ac_381_collapse7\" onclick=\"do_resize()\">\r\n\t\t\t\t\t\t\t\t\t\t\t\t\t\t\t\t\t<span class=\"ac_open_cl_icon fa fa-plus\"><\/span>\r\n\t\t\t\t\t\t\t\t\t\r\n\t\t\t\t\t\t\t\t \r\n\t\t\t\t\t\t\t\t<span class=\"ac_title_class\">\r\n\t\t\t\t\t\t\t\t\tIle to kosztuje?\t\t\t\t\t\t\t\t<\/span>\r\n\t\t\t\t\t\t\t<\/a>\r\n\t\t\t\t\t\t  <\/h4>\r\n\t\t\t\t\t\t<\/div>\r\n\t\t\t\t\t\t<div id=\"ac_381_collapse7\" class=\"wpsm_panel-collapse collapse \"  >\r\n\t\t\t\t\t\t  <div class=\"wpsm_panel-body\">\r\n\t\t\t\t\t\t\tJedna lekcja kosztuje 50 z\u0142. Op\u0142at\u0119 nale\u017cy ui\u015bci\u0107 przelewem na konto fundacji przed um\u00f3wionym terminem lekcji. Szczeg\u00f3\u0142y otrzymasz po um\u00f3wieniu si\u0119 na zaj\u0119cia.\t\t\t\t\t\t  <\/div>\r\n\t\t\t\t\t\t<\/div>\r\n\t\t\t\t\t<\/div>\r\n\t\t\t\t\t<!-- Inner panel End -->\r\n\t\t\t\t\t\r\n\t\t\t\t\t\t\t\t\r\n\t\t\t\t\t<!-- Inner panel Start -->\r\n\t\t\t\t\t<div class=\"wpsm_panel wpsm_panel-default\">\r\n\t\t\t\t\t\t<div class=\"wpsm_panel-heading\" role=\"tab\" >\r\n\t\t\t\t\t\t  <h4 class=\"wpsm_panel-title\">\r\n\t\t\t\t\t\t\t<a  class=\"collapsed\"  data-toggle=\"collapse\" data-parent=\"#wpsm_accordion_381 \" href=\"javascript:void(0)\" data-target=\"#ac_381_collapse8\" onclick=\"do_resize()\">\r\n\t\t\t\t\t\t\t\t\t\t\t\t\t\t\t\t\t<span class=\"ac_open_cl_icon fa fa-plus\"><\/span>\r\n\t\t\t\t\t\t\t\t\t\r\n\t\t\t\t\t\t\t\t \r\n\t\t\t\t\t\t\t\t<span class=\"ac_title_class\">\r\n\t\t\t\t\t\t\t\t\tGdzie odbywaj\u0105 si\u0119 zaj\u0119cia?\t\t\t\t\t\t\t\t<\/span>\r\n\t\t\t\t\t\t\t<\/a>\r\n\t\t\t\t\t\t  <\/h4>\r\n\t\t\t\t\t\t<\/div>\r\n\t\t\t\t\t\t<div id=\"ac_381_collapse8\" class=\"wpsm_panel-collapse collapse \"  >\r\n\t\t\t\t\t\t  <div class=\"wpsm_panel-body\">\r\n\t\t\t\t\t\t\tZaj\u0119cia odbywaj\u0105 si\u0119 na terenie Gda\u0144ska w wybranych lokalizacjach. Mo\u017ce to by\u0107 nasza trasa szkoleniowa (Gda\u0144sk Wrzeszcz) lub trasa zaproponowana przez Ciebie (np. droga przejazdu z domu do pracy, itp). Szczeg\u00f3\u0142y uzgadniamy mailowo lub telefonicznie.\t\t\t\t\t\t  <\/div>\r\n\t\t\t\t\t\t<\/div>\r\n\t\t\t\t\t<\/div>\r\n\t\t\t\t\t<!-- Inner panel End -->\r\n\t\t\t\t\t\r\n\t\t\t\t\t\t\t\t\r\n\t\t\t\t\t<!-- Inner panel Start -->\r\n\t\t\t\t\t<div class=\"wpsm_panel wpsm_panel-default\">\r\n\t\t\t\t\t\t<div class=\"wpsm_panel-heading\" role=\"tab\" >\r\n\t\t\t\t\t\t  <h4 class=\"wpsm_panel-title\">\r\n\t\t\t\t\t\t\t<a  class=\"collapsed\"  data-toggle=\"collapse\" data-parent=\"#wpsm_accordion_381 \" href=\"javascript:void(0)\" data-target=\"#ac_381_collapse9\" onclick=\"do_resize()\">\r\n\t\t\t\t\t\t\t\t\t\t\t\t\t\t\t\t\t<span class=\"ac_open_cl_icon fa fa-plus\"><\/span>\r\n\t\t\t\t\t\t\t\t\t\r\n\t\t\t\t\t\t\t\t \r\n\t\t\t\t\t\t\t\t<span class=\"ac_title_class\">\r\n\t\t\t\t\t\t\t\t\tKto prowadzi zaj\u0119cia?\t\t\t\t\t\t\t\t<\/span>\r\n\t\t\t\t\t\t\t<\/a>\r\n\t\t\t\t\t\t  <\/h4>\r\n\t\t\t\t\t\t<\/div>\r\n\t\t\t\t\t\t<div id=\"ac_381_collapse9\" class=\"wpsm_panel-collapse collapse \"  >\r\n\t\t\t\t\t\t  <div class=\"wpsm_panel-body\">\r\n\t\t\t\t\t\t\tWarsztaty prowadzi za\u0142o\u017cyciel i Prezes Fundacji - Sebastian Gruszka. To do\u015bwiadczony amator kolarstwa szosowego, w tym kolarstwa d\u0142ugodystansowego. Wszystkich zaskakuje spokojem, cierpliwo\u015bci\u0105, profesjonalizmem i empati\u0105.\t\t\t\t\t\t  <\/div>\r\n\t\t\t\t\t\t<\/div>\r\n\t\t\t\t\t<\/div>\r\n\t\t\t\t\t<!-- Inner panel End -->\r\n\t\t\t\t\t\r\n\t\t\t\t\t\t\t\t\r\n\t\t\t\t\t<!-- Inner panel Start -->\r\n\t\t\t\t\t<div class=\"wpsm_panel wpsm_panel-default\">\r\n\t\t\t\t\t\t<div class=\"wpsm_panel-heading\" role=\"tab\" >\r\n\t\t\t\t\t\t  <h4 class=\"wpsm_panel-title\">\r\n\t\t\t\t\t\t\t<a  class=\"collapsed\"  data-toggle=\"collapse\" data-parent=\"#wpsm_accordion_381 \" href=\"javascript:void(0)\" data-target=\"#ac_381_collapse10\" onclick=\"do_resize()\">\r\n\t\t\t\t\t\t\t\t\t\t\t\t\t\t\t\t\t<span class=\"ac_open_cl_icon fa fa-plus\"><\/span>\r\n\t\t\t\t\t\t\t\t\t\r\n\t\t\t\t\t\t\t\t \r\n\t\t\t\t\t\t\t\t<span class=\"ac_title_class\">\r\n\t\t\t\t\t\t\t\t\tCzy instruktor posiada kwalifikacje?\t\t\t\t\t\t\t\t<\/span>\r\n\t\t\t\t\t\t\t<\/a>\r\n\t\t\t\t\t\t  <\/h4>\r\n\t\t\t\t\t\t<\/div>\r\n\t\t\t\t\t\t<div id=\"ac_381_collapse10\" class=\"wpsm_panel-collapse collapse \"  >\r\n\t\t\t\t\t\t  <div class=\"wpsm_panel-body\">\r\n\t\t\t\t\t\t\t<p>Formalnie w prawie polskim nie istnieje takie stanowisko jak Instruktor Nauki Jazdy Rowerem (wzorem z nauki jazdy samochodem). <\/p><p>Dlatego te\u017c wsp\u00f3\u0142pracujemy z Pomorskim O\u015brodkiem Ruchu Drogowego w Gda\u0144sku. Dzi\u0119ki temu mamy pewno\u015b\u0107, \u017ce nasza wiedza z zakresu przepis\u00f3w ruchu drogowego jest sp\u00f3jna z tym, czego ucz\u0105 si\u0119 kursanci na prawo jazdy.<\/p><p>Warto przy tej okazji podkre\u015bli\u0107, \u017ce jeste\u015bmy jedyn\u0105 organizacj\u0105 pozarz\u0105dow\u0105 wsp\u00f3\u0142pracuj\u0105c\u0105 z PORD w Gda\u0144sku w zakresie poprawy bezpiecze\u0144stwa ruchu drogowego ze szczeg\u00f3lnym uwzgl\u0119dnieniem rowerzyst\u00f3w.<\/p>\t\t\t\t\t\t  <\/div>\r\n\t\t\t\t\t\t<\/div>\r\n\t\t\t\t\t<\/div>\r\n\t\t\t\t\t<!-- Inner panel End -->\r\n\t\t\t\t\t\r\n\t\t\t\t\t\t\t\t\r\n\t\t\t\t\t<!-- Inner panel Start -->\r\n\t\t\t\t\t<div class=\"wpsm_panel wpsm_panel-default\">\r\n\t\t\t\t\t\t<div class=\"wpsm_panel-heading\" role=\"tab\" >\r\n\t\t\t\t\t\t  <h4 class=\"wpsm_panel-title\">\r\n\t\t\t\t\t\t\t<a  class=\"collapsed\"  data-toggle=\"collapse\" data-parent=\"#wpsm_accordion_381 \" href=\"javascript:void(0)\" data-target=\"#ac_381_collapse11\" onclick=\"do_resize()\">\r\n\t\t\t\t\t\t\t\t\t\t\t\t\t\t\t\t\t<span class=\"ac_open_cl_icon fa fa-plus\"><\/span>\r\n\t\t\t\t\t\t\t\t\t\r\n\t\t\t\t\t\t\t\t \r\n\t\t\t\t\t\t\t\t<span class=\"ac_title_class\">\r\n\t\t\t\t\t\t\t\t\tDlaczego uczycie rowerzyst\u00f3w a nie kierowc\u00f3w samochod\u00f3w?\t\t\t\t\t\t\t\t<\/span>\r\n\t\t\t\t\t\t\t<\/a>\r\n\t\t\t\t\t\t  <\/h4>\r\n\t\t\t\t\t\t<\/div>\r\n\t\t\t\t\t\t<div id=\"ac_381_collapse11\" class=\"wpsm_panel-collapse collapse \"  >\r\n\t\t\t\t\t\t  <div class=\"wpsm_panel-body\">\r\n\t\t\t\t\t\t\tPoprzez edukacj\u0119 rowerzyst\u00f3w chcemy zwi\u0119kszy\u0107 ilo\u015b\u0107 prawid\u0142owych i partnerskich zachowa\u0144 ze strony cyklist\u00f3w w kierunku do kierowc\u00f3w samochod\u00f3w i pieszych. Dzi\u0119ki temu rowerzy\u015bci b\u0119d\u0105 bardziej szanowanymi uczestnikami ruchu drogowego, co prze\u0142o\u017cy si\u0119 na lepsze relacje mi\u0119dzy rowerzystami a kierowcami. W efekcie zmniejszy si\u0119 ilo\u015b\u0107 niebezpiecznych manewr\u00f3w na drogach wykonywanych cz\u0119sto po z\u0142o\u015bci przez kieruj\u0105cych samochodami. Wi\u0119c pomimo tego, \u017ce nie edukujemy kierowc\u00f3w, nasze dzia\u0142ania wp\u0142yn\u0105 na popraw\u0119 ich zachowa\u0144 i b\u0119dzie bezpieczniej.\t\t\t\t\t\t  <\/div>\r\n\t\t\t\t\t\t<\/div>\r\n\t\t\t\t\t<\/div>\r\n\t\t\t\t\t<!-- Inner panel End -->\r\n\t\t\t\t\t\r\n\t\t\t\t\t\t\t\t\r\n\t\t\t\t\t<!-- Inner panel Start -->\r\n\t\t\t\t\t<div class=\"wpsm_panel wpsm_panel-default\">\r\n\t\t\t\t\t\t<div class=\"wpsm_panel-heading\" role=\"tab\" >\r\n\t\t\t\t\t\t  <h4 class=\"wpsm_panel-title\">\r\n\t\t\t\t\t\t\t<a  class=\"collapsed\"  data-toggle=\"collapse\" data-parent=\"#wpsm_accordion_381 \" href=\"javascript:void(0)\" data-target=\"#ac_381_collapse12\" onclick=\"do_resize()\">\r\n\t\t\t\t\t\t\t\t\t\t\t\t\t\t\t\t\t<span class=\"ac_open_cl_icon fa fa-plus\"><\/span>\r\n\t\t\t\t\t\t\t\t\t\r\n\t\t\t\t\t\t\t\t \r\n\t\t\t\t\t\t\t\t<span class=\"ac_title_class\">\r\n\t\t\t\t\t\t\t\t\tMam inne pytanie\t\t\t\t\t\t\t\t<\/span>\r\n\t\t\t\t\t\t\t<\/a>\r\n\t\t\t\t\t\t  <\/h4>\r\n\t\t\t\t\t\t<\/div>\r\n\t\t\t\t\t\t<div id=\"ac_381_collapse12\" class=\"wpsm_panel-collapse collapse \"  >\r\n\t\t\t\t\t\t  <div class=\"wpsm_panel-body\">\r\n\t\t\t\t\t\t\t<p>Zapraszamy do kontaktu - skorzystaj z poni\u017cszego formularza.<\/p>\r\n<div class=\"wpforms-container wpforms-container-full\" id=\"wpforms-67\"><form id=\"wpforms-form-67\" class=\"wpforms-validate wpforms-form wpforms-ajax-form\" data-formid=\"67\" method=\"post\" enctype=\"multipart\/form-data\" action=\"\/uk\/wp-json\/wp\/v2\/pages\/118\" data-token=\"adbc96083b1d734b0a6ef70b0f155d88\" data-token-time=\"1777562008\"><noscript class=\"wpforms-error-noscript\">\u0414\u043b\u044f \u0437\u0430\u043f\u043e\u0432\u043d\u0435\u043d\u043d\u044f \u0446\u0456\u0454\u0457 \u0444\u043e\u0440\u043c\u0438 \u0443\u0432\u0456\u043c\u043a\u043d\u0456\u0442\u044c JavaScript \u0443 \u0431\u0440\u0430\u0443\u0437\u0435\u0440\u0456.<\/noscript><div class=\"wpforms-field-container\"><div id=\"wpforms-67-field_0-container\" class=\"wpforms-field wpforms-field-name wpforms-one-half wpforms-first\" data-field-id=\"0\"><label class=\"wpforms-field-label\" for=\"wpforms-67-field_0\">Imi\u0119 i nazwisko <span class=\"wpforms-required-label\">*<\/span><\/label><input type=\"text\" id=\"wpforms-67-field_0\" class=\"wpforms-field-medium wpforms-field-required\" name=\"wpforms[fields][0]\" placeholder=\"Przedstaw si\u0119\" required><\/div><div id=\"wpforms-67-field_1-container\" class=\"wpforms-field wpforms-field-email wpforms-one-half\" data-field-id=\"1\"><label class=\"wpforms-field-label\" for=\"wpforms-67-field_1\">Email <span class=\"wpforms-required-label\">*<\/span><\/label><input type=\"email\" id=\"wpforms-67-field_1\" class=\"wpforms-field-medium wpforms-field-required\" name=\"wpforms[fields][1]\" placeholder=\"Chcemy Ci odpowiedzie\u0107\" spellcheck=\"false\" required><\/div><div id=\"wpforms-67-field_2-container\" class=\"wpforms-field wpforms-field-textarea\" data-field-id=\"2\"><label class=\"wpforms-field-label\" for=\"wpforms-67-field_2\">Twoja wiadomo\u015b\u0107 <span class=\"wpforms-required-label\">*<\/span><\/label><textarea id=\"wpforms-67-field_2\" class=\"wpforms-field-medium wpforms-field-required\" name=\"wpforms[fields][2]\" placeholder=\"O co chcesz zapyta\u0107?\" required><\/textarea><div class=\"wpforms-field-description\">Wype\u0142niaj\u0105c formularz przekazujesz nam swoje dane osobowe. To oznacza, \u017ce aby udzieli\u0107 Ci odpowiedzi, b\u0119dziemy je przetwarza\u0107 jako Administrator Danych (Fundacja Na Rowerze, hello@fundacjanarowerze.pl). Szczeg\u00f3\u0142y przetwarzania oraz przys\u0142uguj\u0105ce Ci prawa znajdziesz w Polityce prywatno\u015bci i plik\u00f3w cookies.<\/div><\/div><\/div><!-- .wpforms-field-container --><div class=\"wpforms-recaptcha-container wpforms-is-turnstile\" ><div class=\"wpforms-turnstile\" data-sitekey=\"0x4AAAAAAAG4SHcWfgcQwi-j\" data-action=\"FormID-67\"><\/div><input type=\"text\" name=\"g-recaptcha-hidden\" class=\"wpforms-recaptcha-hidden\" style=\"position:absolute!important;clip:rect(0,0,0,0)!important;height:1px!important;width:1px!important;border:0!important;overflow:hidden!important;padding:0!important;margin:0!important;\" data-rule-turnstile=\"1\"><\/div><div class=\"wpforms-submit-container\" ><input type=\"hidden\" name=\"wpforms[id]\" value=\"67\"><input type=\"hidden\" name=\"page_title\" value=\"\"><input type=\"hidden\" name=\"page_url\" value=\"https:\/\/fundacjanarowerze.pl\/uk\/wp-json\/wp\/v2\/pages\/118\"><input type=\"hidden\" name=\"url_referer\" value=\"\"><button type=\"submit\" name=\"wpforms[submit]\" id=\"wpforms-submit-67\" class=\"wpforms-submit\" data-alt-text=\"Wysy\u0142am...\" data-submit-text=\"Wy\u015blij\" aria-live=\"assertive\" value=\"wpforms-submit\">Wy\u015blij<\/button><img loading=\"lazy\" decoding=\"async\" src=\"https:\/\/fundacjanarowerze.pl\/wp-content\/plugins\/wpforms-lite\/assets\/images\/submit-spin.svg\" class=\"wpforms-submit-spinner\" style=\"display: none;\" width=\"26\" height=\"26\" alt=\"\u0417\u0430\u0432\u0430\u043d\u0442\u0430\u0436\u0435\u043d\u043d\u044f\"><\/div><\/form><\/div>  <!-- .wpforms-container -->\t\t\t\t\t\t  <\/div>\r\n\t\t\t\t\t\t<\/div>\r\n\t\t\t\t\t<\/div>\r\n\t\t\t\t\t<!-- Inner panel End -->\r\n\t\t\t\t\t\r\n\t\t\t\t\t\t\t<\/div>\r\n\t\t\t\r\n<script type=\"text\/javascript\">\r\n\t\r\n\t\tfunction do_resize(){\r\n\r\n\t\t\tvar width=jQuery( '.wpsm_panel .wpsm_panel-body iframe' ).width();\r\n\t\t\tvar height=jQuery( '.wpsm_panel .wpsm_panel-body iframe' ).height();\r\n\r\n\t\t\tvar toggleSize = true;\r\n\t\t\tjQuery('iframe').animate({\r\n\t\t\t    width: toggleSize ? width : 640,\r\n\t\t\t    height: toggleSize ? height : 360\r\n\t\t\t  }, 250);\r\n\r\n\t\t\t  toggleSize = !toggleSize;\r\n\t\t}\r\n\t\t\r\n<\/script>\t\n","protected":false},"excerpt":{"rendered":"<p>Rowerowa Lekcja Jazdy to: Zaj\u0119cia praktyczne&nbsp;realizowane w warunkach naturalnego ruchu drogowego, prowadzone przez&nbsp;do\u015bwiadczonego rowerzyst\u0119&nbsp;g\u0142\u00f3wnie po drogach rowerowych oraz na ulicach o niewielkim nat\u0119\u017ceniu ruchu. Warsztaty adresowane s\u0105 do rowerzyst\u00f3w, kt\u00f3rzy chc\u0105 podszkoli\u0107 swoje umiej\u0119tno\u015bci poruszania si\u0119 jedno\u015bladem w mie\u015bcie. Zapraszamy indywidualnie lub w parach. Chcesz przyj\u015b\u0107 na lekcj\u0119 z dzieckiem? [&hellip;]<\/p>\n","protected":false},"author":1,"featured_media":10,"parent":0,"menu_order":0,"comment_status":"closed","ping_status":"closed","template":"","meta":{"footnotes":""},"class_list":["post-118","page","type-page","status-publish","has-post-thumbnail","hentry"],"yoast_head":"<!-- This site is optimized with the Yoast SEO plugin v27.1.1 - https:\/\/yoast.com\/product\/yoast-seo-wordpress\/ -->\n<title>Rowerowa Lekcja Jazdy - Fundacja Na Rowerze<\/title>\n<meta name=\"description\" content=\"Rowerowa Lekcja Jazdy to zaj\u0119cia praktyczne dla doros\u0142ych rowerzyst\u00f3w w warunkach naturalnego ruchu drogowego. Prowadzi je do\u015bwiadczony...\" \/>\n<meta name=\"robots\" content=\"index, follow, max-snippet:-1, max-image-preview:large, max-video-preview:-1\" \/>\n<link rel=\"canonical\" href=\"https:\/\/fundacjanarowerze.pl\/uk\/rowerowa-lekcja-jazdy\/\" \/>\n<meta property=\"og:locale\" content=\"uk_UA\" \/>\n<meta property=\"og:type\" content=\"article\" \/>\n<meta property=\"og:title\" content=\"Rowerowa Lekcja Jazdy - Fundacja Na Rowerze\" \/>\n<meta property=\"og:description\" content=\"Rowerowa Lekcja Jazdy to zaj\u0119cia praktyczne dla doros\u0142ych rowerzyst\u00f3w w warunkach naturalnego ruchu drogowego. Prowadzi je do\u015bwiadczony...\" \/>\n<meta property=\"og:url\" content=\"https:\/\/fundacjanarowerze.pl\/uk\/rowerowa-lekcja-jazdy\/\" \/>\n<meta property=\"og:site_name\" content=\"Fundacja Na Rowerze\" \/>\n<meta property=\"article:publisher\" content=\"https:\/\/www.facebook.com\/fundacjanarowerze\" \/>\n<meta property=\"article:modified_time\" content=\"2025-04-14T19:46:17+00:00\" \/>\n<meta property=\"og:image\" content=\"https:\/\/fundacjanarowerze.pl\/wp-content\/uploads\/2021\/01\/IMG_2328.jpeg\" \/>\n\t<meta property=\"og:image:width\" content=\"1200\" \/>\n\t<meta property=\"og:image:height\" content=\"800\" \/>\n\t<meta property=\"og:image:type\" content=\"image\/jpeg\" \/>\n<meta name=\"twitter:card\" content=\"summary_large_image\" \/>\n<meta name=\"twitter:site\" content=\"@fundacjanarower\" \/>\n<meta name=\"twitter:label1\" content=\"\u041f\u0440\u0438\u0431\u043b. \u0447\u0430\u0441 \u0447\u0438\u0442\u0430\u043d\u043d\u044f\" \/>\n\t<meta name=\"twitter:data1\" content=\"3 \u0445\u0432\u0438\u043b\u0438\u043d\u0438\" \/>\n<script type=\"application\/ld+json\" class=\"yoast-schema-graph\">{\"@context\":\"https:\/\/schema.org\",\"@graph\":[{\"@type\":\"WebPage\",\"@id\":\"https:\/\/fundacjanarowerze.pl\/rowerowa-lekcja-jazdy\/\",\"url\":\"https:\/\/fundacjanarowerze.pl\/rowerowa-lekcja-jazdy\/\",\"name\":\"Rowerowa Lekcja Jazdy - Fundacja Na Rowerze\",\"isPartOf\":{\"@id\":\"https:\/\/fundacjanarowerze.pl\/#website\"},\"primaryImageOfPage\":{\"@id\":\"https:\/\/fundacjanarowerze.pl\/rowerowa-lekcja-jazdy\/#primaryimage\"},\"image\":{\"@id\":\"https:\/\/fundacjanarowerze.pl\/rowerowa-lekcja-jazdy\/#primaryimage\"},\"thumbnailUrl\":\"https:\/\/i0.wp.com\/fundacjanarowerze.pl\/wp-content\/uploads\/2021\/01\/IMG_2328.jpeg?fit=1200%2C800&ssl=1\",\"datePublished\":\"2021-01-18T13:56:53+00:00\",\"dateModified\":\"2025-04-14T19:46:17+00:00\",\"description\":\"Rowerowa Lekcja Jazdy to zaj\u0119cia praktyczne dla doros\u0142ych rowerzyst\u00f3w w warunkach naturalnego ruchu drogowego. Prowadzi je do\u015bwiadczony...\",\"breadcrumb\":{\"@id\":\"https:\/\/fundacjanarowerze.pl\/rowerowa-lekcja-jazdy\/#breadcrumb\"},\"inLanguage\":\"uk\",\"potentialAction\":[{\"@type\":\"ReadAction\",\"target\":[\"https:\/\/fundacjanarowerze.pl\/rowerowa-lekcja-jazdy\/\"]}]},{\"@type\":\"ImageObject\",\"inLanguage\":\"uk\",\"@id\":\"https:\/\/fundacjanarowerze.pl\/rowerowa-lekcja-jazdy\/#primaryimage\",\"url\":\"https:\/\/i0.wp.com\/fundacjanarowerze.pl\/wp-content\/uploads\/2021\/01\/IMG_2328.jpeg?fit=1200%2C800&ssl=1\",\"contentUrl\":\"https:\/\/i0.wp.com\/fundacjanarowerze.pl\/wp-content\/uploads\/2021\/01\/IMG_2328.jpeg?fit=1200%2C800&ssl=1\",\"width\":1200,\"height\":800,\"caption\":\"ruch drogowy na rowerze\"},{\"@type\":\"BreadcrumbList\",\"@id\":\"https:\/\/fundacjanarowerze.pl\/rowerowa-lekcja-jazdy\/#breadcrumb\",\"itemListElement\":[{\"@type\":\"ListItem\",\"position\":1,\"name\":\"Strona g\u0142\u00f3wna\",\"item\":\"https:\/\/fundacjanarowerze.pl\/\"},{\"@type\":\"ListItem\",\"position\":2,\"name\":\"Rowerowa Lekcja Jazdy\"}]},{\"@type\":\"WebSite\",\"@id\":\"https:\/\/fundacjanarowerze.pl\/#website\",\"url\":\"https:\/\/fundacjanarowerze.pl\/\",\"name\":\"Fundacja Na Rowerze\",\"description\":\"Pomagamy rowerzystom zdobywa\u0107 do\u015bwiadczenie w ruchu drogowym\",\"publisher\":{\"@id\":\"https:\/\/fundacjanarowerze.pl\/#organization\"},\"potentialAction\":[{\"@type\":\"SearchAction\",\"target\":{\"@type\":\"EntryPoint\",\"urlTemplate\":\"https:\/\/fundacjanarowerze.pl\/?s={search_term_string}\"},\"query-input\":{\"@type\":\"PropertyValueSpecification\",\"valueRequired\":true,\"valueName\":\"search_term_string\"}}],\"inLanguage\":\"uk\"},{\"@type\":\"Organization\",\"@id\":\"https:\/\/fundacjanarowerze.pl\/#organization\",\"name\":\"Fundacja Na Rowerze\",\"url\":\"https:\/\/fundacjanarowerze.pl\/\",\"logo\":{\"@type\":\"ImageObject\",\"inLanguage\":\"uk\",\"@id\":\"https:\/\/fundacjanarowerze.pl\/#\/schema\/logo\/image\/\",\"url\":\"https:\/\/i2.wp.com\/fundacjanarowerze.pl\/wp-content\/uploads\/2021\/01\/logo_rower_1080x1080.jpg?fit=1080%2C1080&ssl=1\",\"contentUrl\":\"https:\/\/i2.wp.com\/fundacjanarowerze.pl\/wp-content\/uploads\/2021\/01\/logo_rower_1080x1080.jpg?fit=1080%2C1080&ssl=1\",\"width\":1080,\"height\":1080,\"caption\":\"Fundacja Na Rowerze\"},\"image\":{\"@id\":\"https:\/\/fundacjanarowerze.pl\/#\/schema\/logo\/image\/\"},\"sameAs\":[\"https:\/\/www.facebook.com\/fundacjanarowerze\",\"https:\/\/x.com\/fundacjanarower\",\"https:\/\/www.instagram.com\/fundacjanarowerze\"]}]}<\/script>\n<!-- \/ Yoast SEO plugin. -->","yoast_head_json":{"title":"Rowerowa Lekcja Jazdy - Fundacja Na Rowerze","description":"Rowerowa Lekcja Jazdy to zaj\u0119cia praktyczne dla doros\u0142ych rowerzyst\u00f3w w warunkach naturalnego ruchu drogowego. Prowadzi je do\u015bwiadczony...","robots":{"index":"index","follow":"follow","max-snippet":"max-snippet:-1","max-image-preview":"max-image-preview:large","max-video-preview":"max-video-preview:-1"},"canonical":"https:\/\/fundacjanarowerze.pl\/uk\/rowerowa-lekcja-jazdy\/","og_locale":"uk_UA","og_type":"article","og_title":"Rowerowa Lekcja Jazdy - Fundacja Na Rowerze","og_description":"Rowerowa Lekcja Jazdy to zaj\u0119cia praktyczne dla doros\u0142ych rowerzyst\u00f3w w warunkach naturalnego ruchu drogowego. Prowadzi je do\u015bwiadczony...","og_url":"https:\/\/fundacjanarowerze.pl\/uk\/rowerowa-lekcja-jazdy\/","og_site_name":"Fundacja Na Rowerze","article_publisher":"https:\/\/www.facebook.com\/fundacjanarowerze","article_modified_time":"2025-04-14T19:46:17+00:00","og_image":[{"width":1200,"height":800,"url":"https:\/\/fundacjanarowerze.pl\/wp-content\/uploads\/2021\/01\/IMG_2328.jpeg","type":"image\/jpeg"}],"twitter_card":"summary_large_image","twitter_site":"@fundacjanarower","twitter_misc":{"\u041f\u0440\u0438\u0431\u043b. \u0447\u0430\u0441 \u0447\u0438\u0442\u0430\u043d\u043d\u044f":"3 \u0445\u0432\u0438\u043b\u0438\u043d\u0438"},"schema":{"@context":"https:\/\/schema.org","@graph":[{"@type":"WebPage","@id":"https:\/\/fundacjanarowerze.pl\/rowerowa-lekcja-jazdy\/","url":"https:\/\/fundacjanarowerze.pl\/rowerowa-lekcja-jazdy\/","name":"Rowerowa Lekcja Jazdy - Fundacja Na Rowerze","isPartOf":{"@id":"https:\/\/fundacjanarowerze.pl\/#website"},"primaryImageOfPage":{"@id":"https:\/\/fundacjanarowerze.pl\/rowerowa-lekcja-jazdy\/#primaryimage"},"image":{"@id":"https:\/\/fundacjanarowerze.pl\/rowerowa-lekcja-jazdy\/#primaryimage"},"thumbnailUrl":"https:\/\/i0.wp.com\/fundacjanarowerze.pl\/wp-content\/uploads\/2021\/01\/IMG_2328.jpeg?fit=1200%2C800&ssl=1","datePublished":"2021-01-18T13:56:53+00:00","dateModified":"2025-04-14T19:46:17+00:00","description":"Rowerowa Lekcja Jazdy to zaj\u0119cia praktyczne dla doros\u0142ych rowerzyst\u00f3w w warunkach naturalnego ruchu drogowego. Prowadzi je do\u015bwiadczony...","breadcrumb":{"@id":"https:\/\/fundacjanarowerze.pl\/rowerowa-lekcja-jazdy\/#breadcrumb"},"inLanguage":"uk","potentialAction":[{"@type":"ReadAction","target":["https:\/\/fundacjanarowerze.pl\/rowerowa-lekcja-jazdy\/"]}]},{"@type":"ImageObject","inLanguage":"uk","@id":"https:\/\/fundacjanarowerze.pl\/rowerowa-lekcja-jazdy\/#primaryimage","url":"https:\/\/i0.wp.com\/fundacjanarowerze.pl\/wp-content\/uploads\/2021\/01\/IMG_2328.jpeg?fit=1200%2C800&ssl=1","contentUrl":"https:\/\/i0.wp.com\/fundacjanarowerze.pl\/wp-content\/uploads\/2021\/01\/IMG_2328.jpeg?fit=1200%2C800&ssl=1","width":1200,"height":800,"caption":"ruch drogowy na rowerze"},{"@type":"BreadcrumbList","@id":"https:\/\/fundacjanarowerze.pl\/rowerowa-lekcja-jazdy\/#breadcrumb","itemListElement":[{"@type":"ListItem","position":1,"name":"Strona g\u0142\u00f3wna","item":"https:\/\/fundacjanarowerze.pl\/"},{"@type":"ListItem","position":2,"name":"Rowerowa Lekcja Jazdy"}]},{"@type":"WebSite","@id":"https:\/\/fundacjanarowerze.pl\/#website","url":"https:\/\/fundacjanarowerze.pl\/","name":"\u0424\u0443\u043d\u0434\u0430\u0446\u0456\u044f Na Rowerze","description":"Pomagamy rowerzystom zdobywa\u0107 do\u015bwiadczenie w ruchu drogowym","publisher":{"@id":"https:\/\/fundacjanarowerze.pl\/#organization"},"potentialAction":[{"@type":"SearchAction","target":{"@type":"EntryPoint","urlTemplate":"https:\/\/fundacjanarowerze.pl\/?s={search_term_string}"},"query-input":{"@type":"PropertyValueSpecification","valueRequired":true,"valueName":"search_term_string"}}],"inLanguage":"uk"},{"@type":"Organization","@id":"https:\/\/fundacjanarowerze.pl\/#organization","name":"\u0424\u0443\u043d\u0434\u0430\u0446\u0456\u044f Na Rowerze","url":"https:\/\/fundacjanarowerze.pl\/","logo":{"@type":"ImageObject","inLanguage":"uk","@id":"https:\/\/fundacjanarowerze.pl\/#\/schema\/logo\/image\/","url":"https:\/\/i2.wp.com\/fundacjanarowerze.pl\/wp-content\/uploads\/2021\/01\/logo_rower_1080x1080.jpg?fit=1080%2C1080&ssl=1","contentUrl":"https:\/\/i2.wp.com\/fundacjanarowerze.pl\/wp-content\/uploads\/2021\/01\/logo_rower_1080x1080.jpg?fit=1080%2C1080&ssl=1","width":1080,"height":1080,"caption":"Fundacja Na Rowerze"},"image":{"@id":"https:\/\/fundacjanarowerze.pl\/#\/schema\/logo\/image\/"},"sameAs":["https:\/\/www.facebook.com\/fundacjanarowerze","https:\/\/x.com\/fundacjanarower","https:\/\/www.instagram.com\/fundacjanarowerze"]}]}},"jetpack_sharing_enabled":true,"_links":{"self":[{"href":"https:\/\/fundacjanarowerze.pl\/uk\/wp-json\/wp\/v2\/pages\/118","targetHints":{"allow":["GET"]}}],"collection":[{"href":"https:\/\/fundacjanarowerze.pl\/uk\/wp-json\/wp\/v2\/pages"}],"about":[{"href":"https:\/\/fundacjanarowerze.pl\/uk\/wp-json\/wp\/v2\/types\/page"}],"author":[{"embeddable":true,"href":"https:\/\/fundacjanarowerze.pl\/uk\/wp-json\/wp\/v2\/users\/1"}],"replies":[{"embeddable":true,"href":"https:\/\/fundacjanarowerze.pl\/uk\/wp-json\/wp\/v2\/comments?post=118"}],"version-history":[{"count":123,"href":"https:\/\/fundacjanarowerze.pl\/uk\/wp-json\/wp\/v2\/pages\/118\/revisions"}],"predecessor-version":[{"id":1683,"href":"https:\/\/fundacjanarowerze.pl\/uk\/wp-json\/wp\/v2\/pages\/118\/revisions\/1683"}],"wp:featuredmedia":[{"embeddable":true,"href":"https:\/\/fundacjanarowerze.pl\/uk\/wp-json\/wp\/v2\/media\/10"}],"wp:attachment":[{"href":"https:\/\/fundacjanarowerze.pl\/uk\/wp-json\/wp\/v2\/media?parent=118"}],"curies":[{"name":"wp","href":"https:\/\/api.w.org\/{rel}","templated":true}]}}